{"id":1002,"date":"2018-01-12T10:28:32","date_gmt":"2018-01-12T09:28:32","guid":{"rendered":"https:\/\/www.swanmedical.es\/?page_id=1002"},"modified":"2018-03-19T15:37:25","modified_gmt":"2018-03-19T14:37:25","slug":"hospital-universitari-germans-trias-i-pujol","status":"publish","type":"page","link":"https:\/\/www.swanmedical.es\/ca\/hospital-universitari-germans-trias-i-pujol\/","title":{"rendered":"Hospital Universitari Germans Trias i Pujol"},"content":{"rendered":"[vc_row type=&#8221;full_width_background&#8221; full_screen_row_position=&#8221;middle&#8221; bg_image=&#8221;122&#8243; bg_position=&#8221;left top&#8221; bg_repeat=&#8221;no-repeat&#8221; bg_color=&#8221;#ff0059&#8243; scene_position=&#8221;center&#8221; text_color=&#8221;light&#8221; text_align=&#8221;left&#8221; top_padding=&#8221;6%&#8221; bottom_padding=&#8221;13%&#8221; id=&#8221;slider-doctor&#8221; enable_gradient=&#8221;true&#8221; color_overlay=&#8221;#398583&#8243; color_overlay_2=&#8221;#54aaa9&#8243; gradient_direction=&#8221;left_t_to_right_b&#8221; overlay_strength=&#8221;0.95&#8243; enable_shape_divider=&#8221;true&#8221; shape_divider_position=&#8221;bottom&#8221; shape_divider_height=&#8221;350&#8243; shape_type=&#8221;waves_opacity_alt&#8221;][vc_column column_padding=&#8221;no-extra-padding&#8221; column_padding_position=&#8221;all&#8221; background_color_opacity=&#8221;1&#8243; background_hover_color_opacity=&#8221;1&#8243; column_shadow=&#8221;none&#8221; column_border_radius=&#8221;none&#8221; width=&#8221;1\/2&#8243; tablet_text_alignment=&#8221;default&#8221; phone_text_alignment=&#8221;default&#8221; column_border_width=&#8221;none&#8221; column_border_style=&#8221;solid&#8221;][split_line_heading]\n<h2>Hospital Universitari<\/h2>\n<h2>Germans Trias i Pujol<\/h2>\n[\/split_line_heading][\/vc_column][vc_column column_padding=&#8221;no-extra-padding&#8221; column_padding_position=&#8221;all&#8221; background_color_opacity=&#8221;1&#8243; background_hover_color_opacity=&#8221;1&#8243; column_shadow=&#8221;none&#8221; column_border_radius=&#8221;none&#8221; el_class=&#8221;right&#8221; width=&#8221;1\/2&#8243; tablet_text_alignment=&#8221;default&#8221; phone_text_alignment=&#8221;default&#8221; column_border_width=&#8221;none&#8221; column_border_style=&#8221;solid&#8221;][\/vc_column][\/vc_row][vc_row type=&#8221;full_width_background&#8221; full_screen_row_position=&#8221;middle&#8221; bg_color=&#8221;#ffffff&#8221; scene_position=&#8221;center&#8221; text_color=&#8221;dark&#8221; text_align=&#8221;left&#8221; top_padding=&#8221;4%&#8221; overlay_strength=&#8221;0.3&#8243; shape_divider_position=&#8221;bottom&#8221; shape_type=&#8221;&#8221;][vc_column enable_animation=&#8221;true&#8221; animation=&#8221;fade-in-from-bottom&#8221; column_padding=&#8221;no-extra-padding&#8221; column_padding_position=&#8221;all&#8221; background_color_opacity=&#8221;1&#8243; background_hover_color_opacity=&#8221;1&#8243; column_shadow=&#8221;none&#8221; column_border_radius=&#8221;none&#8221; width=&#8221;1\/1&#8243; tablet_text_alignment=&#8221;default&#8221; phone_text_alignment=&#8221;default&#8221; column_border_width=&#8221;none&#8221; column_border_style=&#8221;solid&#8221;][vc_column_text css=&#8221;.vc_custom_1516016765501{margin-bottom: 20px !important;}&#8221;]\n<h2>Atenci\u00f3 sanit\u00e0ria p\u00fablica i d&#8217;alta complexitat<\/h2>\n[\/vc_column_text][divider line_type=&#8221;Small Line&#8221; line_thickness=&#8221;3&#8243; divider_color=&#8221;extra-color-gradient-2&#8243; custom_height=&#8221;30&#8243; custom_line_width=&#8221;120&#8243;][\/vc_column][\/vc_row][vc_row type=&#8221;full_width_background&#8221; full_screen_row_position=&#8221;middle&#8221; bg_color=&#8221;#ffffff&#8221; scene_position=&#8221;center&#8221; text_color=&#8221;dark&#8221; text_align=&#8221;left&#8221; bottom_padding=&#8221;5%&#8221; overlay_strength=&#8221;1&#8243; shape_divider_position=&#8221;bottom&#8221; shape_type=&#8221;&#8221;][vc_column column_padding=&#8221;no-extra-padding&#8221; column_padding_position=&#8221;all&#8221; background_color_opacity=&#8221;1&#8243; background_hover_color_opacity=&#8221;1&#8243; column_shadow=&#8221;none&#8221; column_border_radius=&#8221;none&#8221; width=&#8221;1\/1&#8243; tablet_text_alignment=&#8221;default&#8221; phone_text_alignment=&#8221;default&#8221; column_border_width=&#8221;none&#8221; column_border_style=&#8221;solid&#8221;][vc_row_inner column_margin=&#8221;default&#8221; text_align=&#8221;left&#8221;][vc_column_inner enable_animation=&#8221;true&#8221; animation=&#8221;fade-in-from-bottom&#8221; column_padding=&#8221;padding-3-percent&#8221; column_padding_position=&#8221;top-bottom&#8221; background_color_opacity=&#8221;1&#8243; background_hover_color_opacity=&#8221;1&#8243; column_shadow=&#8221;none&#8221; column_border_radius=&#8221;none&#8221; width=&#8221;1\/2&#8243; column_border_width=&#8221;none&#8221; column_border_style=&#8221;solid&#8221; delay=&#8221;400&#8243;][vc_column_text css=&#8221;.vc_custom_1521470072665{padding-right: 10% !important;}&#8221;]L<a href=\"http:\/\/www.hospitalgermanstrias.cat\" target=\"_blank\" rel=\"noopener\">&#8216;Hospital Universitari Germans Trias i Pujol (HUGTP)<\/a>\u00a0\u00e9s un centre p\u00fablic que presta atenci\u00f3 sanit\u00e0ria d&#8217;alta complexitat a unes 800.000 persones de la zona nord del Barcelon\u00e8s i del Maresme, aix\u00ed com a persones d&#8217;altres territoris catalans amb determinades patologies en qu\u00e8 l&#8217;hospital \u00e9s refer\u00e8ncia fins arribar a 1.200.000 habitants. I \u00e9s, alhora, hospital general b\u00e0sic per a m\u00e9s de 200.000 persones de Badalona i de diversos municipis de l&#8217;entorn.<\/p>\n<p>La gesti\u00f3 de l&#8217;hospital, on treballen uns 2.500 professionals sanitaris i no sanitaris, \u00e9s responsabilitat de la Ger\u00e8ncia Territorial Metropolitana Nord de l&#8217;<a href=\"http:\/\/ics.gencat.cat\" target=\"_blank\" rel=\"noopener\">Institut Catal\u00e0 de la Salut (ICS)<\/a>.<\/p>\n<p>L&#8217;hospital est\u00e0 situat al<a href=\"http:\/\/www.canruticampus.cat\/\" target=\"_blank\" rel=\"noopener\">\u00a0campus biom\u00e8dic de Can Ruti<\/a>, el parc de salut i recerca de Badalona, una \u00e0rea biom\u00e8dica en plena expansi\u00f3 on tamb\u00e9 hi ha les instal\u00b7lacions de l&#8217;<a href=\"http:\/\/www.germanstrias.org\/\" target=\"_blank\" rel=\"noopener\">Institut de Recerca Germans Trias i Pujol (IGTP)<\/a> o l&#8217;<a href=\"https:\/\/www.guttmann.com\" target=\"_blank\" rel=\"noopener\">Institut Guttmann<\/a>, entre d\u2019altres centres.[\/vc_column_text][\/vc_column_inner][vc_column_inner enable_animation=&#8221;true&#8221; animation=&#8221;fade-in-from-bottom&#8221; column_padding=&#8221;padding-3-percent&#8221; column_padding_position=&#8221;top-bottom&#8221; background_color_opacity=&#8221;1&#8243; background_hover_color_opacity=&#8221;1&#8243; column_shadow=&#8221;none&#8221; column_border_radius=&#8221;none&#8221; width=&#8221;1\/2&#8243; column_border_width=&#8221;none&#8221; column_border_style=&#8221;solid&#8221; delay=&#8221;800&#8243;][vc_column_text css=&#8221;.vc_custom_1521470160962{padding-right: 10% !important;}&#8221;]A m\u00e9s, la<a href=\"http:\/\/www.uab.cat\/\" target=\"_blank\" rel=\"noopener\">\u00a0Universitat Aut\u00f2noma de Barcelona (UAB)<\/a> imparteix els estudis de Medicina i de Ci\u00e8ncies Biom\u00e8diques a l&#8217;edifici de la facultat que t\u00e9 al campus.<\/p>\n<p>I per altra banda, a l&#8217;hospital hi treballen diverses empreses p\u00fabliques i fundacions que presten serveis i investiguen en els \u00e0mbits de l&#8217;oncologia, el diagn\u00f2stic per la imatge, el VIH i la sang i els seus derivats: l\u2019Institut Catal\u00e0 d&#8217;Oncologia (ICO), l\u2019Institut de Diagn\u00f2stic per la Imatge (IDI), el Banc de Sang i Teixits (BST), el Centre d&#8217;Estudis Epidemiol\u00f2gics sobre les Infeccions de Transmissi\u00f3 Sexual i Sida de Catalunya (CEEISCAT), l\u2019Institut de Recerca de la Sida IrsiCaixa (IrsiCaixa), la Fundaci\u00f3 Lluita contra la Sida (FLS) i l&#8217;Institut Josep Carreras d&#8217;investigaci\u00f3 contra la leuc\u00e8mia (IJC).[\/vc_column_text][\/vc_column_inner][\/vc_row_inner][\/vc_column][\/vc_row][vc_row type=&#8221;full_width_background&#8221; full_screen_row_position=&#8221;middle&#8221; bg_color=&#8221;#ffffff&#8221; scene_position=&#8221;center&#8221; text_color=&#8221;dark&#8221; text_align=&#8221;left&#8221; overlay_strength=&#8221;0.3&#8243; shape_divider_position=&#8221;bottom&#8221; shape_type=&#8221;&#8221;][vc_column enable_animation=&#8221;true&#8221; animation=&#8221;fade-in-from-bottom&#8221; column_padding=&#8221;no-extra-padding&#8221; column_padding_position=&#8221;all&#8221; background_color_opacity=&#8221;1&#8243; background_hover_color_opacity=&#8221;1&#8243; column_shadow=&#8221;none&#8221; column_border_radius=&#8221;none&#8221; width=&#8221;1\/1&#8243; tablet_text_alignment=&#8221;default&#8221; phone_text_alignment=&#8221;default&#8221; column_border_width=&#8221;none&#8221; column_border_style=&#8221;solid&#8221;][vc_column_text css=&#8221;.vc_custom_1515792104934{margin-bottom: 20px !important;}&#8221;]\n<h2>Integraci\u00f3 assistencial:<\/h2>\n[\/vc_column_text][divider line_type=&#8221;Small Line&#8221; line_thickness=&#8221;3&#8243; divider_color=&#8221;extra-color-gradient-2&#8243; custom_height=&#8221;30&#8243; custom_line_width=&#8221;120&#8243;][\/vc_column][\/vc_row][vc_row type=&#8221;full_width_background&#8221; full_screen_row_position=&#8221;middle&#8221; bg_color=&#8221;#ffffff&#8221; scene_position=&#8221;center&#8221; text_color=&#8221;dark&#8221; text_align=&#8221;left&#8221; bottom_padding=&#8221;5%&#8221; overlay_strength=&#8221;1&#8243; shape_divider_position=&#8221;bottom&#8221; shape_type=&#8221;&#8221;][vc_column column_padding=&#8221;no-extra-padding&#8221; column_padding_position=&#8221;all&#8221; background_color_opacity=&#8221;1&#8243; background_hover_color_opacity=&#8221;1&#8243; column_shadow=&#8221;none&#8221; column_border_radius=&#8221;none&#8221; width=&#8221;1\/1&#8243; tablet_text_alignment=&#8221;default&#8221; phone_text_alignment=&#8221;default&#8221; column_border_width=&#8221;none&#8221; column_border_style=&#8221;solid&#8221;][vc_row_inner column_margin=&#8221;default&#8221; text_align=&#8221;left&#8221;][vc_column_inner enable_animation=&#8221;true&#8221; animation=&#8221;fade-in-from-bottom&#8221; column_padding=&#8221;padding-3-percent&#8221; column_padding_position=&#8221;top-bottom&#8221; background_color_opacity=&#8221;1&#8243; background_hover_color_opacity=&#8221;1&#8243; column_shadow=&#8221;none&#8221; column_border_radius=&#8221;none&#8221; width=&#8221;1\/1&#8243; column_border_width=&#8221;none&#8221; column_border_style=&#8221;solid&#8221; delay=&#8221;400&#8243;][vc_column_text]L\u2019hospital ha posat \u00e8mfasi en els \u00faltims anys en el treball coordinat amb l&#8217;atenci\u00f3 prim\u00e0ria de l&#8217;ICS i amb els altres prove\u00efdors sanitaris i sociosanitaris de la zona.<br \/>\nAquest treball s&#8217;est\u00e0 duent a terme especialment en l&#8217;assist\u00e8ncia a les persones amb m\u00faltiples malalties cr\u00f2niques i consta de quatre punts clau:<\/p>\n<ul>\n<li>S&#8217;ha millorat la identificaci\u00f3 espec\u00edfica d&#8217;aquests pacients.<\/li>\n<li>L\u2019atenci\u00f3 prim\u00e0ria i l&#8217;hospital han millorat conjuntament la individualitzaci\u00f3 de l\u2019administraci\u00f3 i el control del tractament de cada cas.<\/li>\n<li>S&#8217;ha creat la figura de la infermera gestora de casos, que coneix molt b\u00e9 els pacients i fa de lligam entre l&#8217;hospital i l\u2019atenci\u00f3 prim\u00e0ria.<\/li>\n<li>S&#8217;ha creat una unitat multidisciplin\u00e0ria d&#8217;expertesa en pacients cr\u00f2nics, que inclou la infermera gestora de casos i personal m\u00e8dic, d&#8217;infermeria, de treball social i administratiu.<\/li>\n<\/ul>\n[\/vc_column_text][\/vc_column_inner][\/vc_row_inner][\/vc_column][\/vc_row][vc_row type=&#8221;full_width_background&#8221; full_screen_row_position=&#8221;middle&#8221; bg_color=&#8221;#ffffff&#8221; scene_position=&#8221;center&#8221; text_color=&#8221;dark&#8221; text_align=&#8221;left&#8221; overlay_strength=&#8221;0.3&#8243; shape_divider_position=&#8221;bottom&#8221; shape_type=&#8221;&#8221;][vc_column enable_animation=&#8221;true&#8221; animation=&#8221;fade-in-from-bottom&#8221; column_padding=&#8221;no-extra-padding&#8221; column_padding_position=&#8221;all&#8221; background_color_opacity=&#8221;1&#8243; background_hover_color_opacity=&#8221;1&#8243; column_shadow=&#8221;none&#8221; column_border_radius=&#8221;none&#8221; width=&#8221;1\/1&#8243; tablet_text_alignment=&#8221;default&#8221; phone_text_alignment=&#8221;default&#8221; column_border_width=&#8221;none&#8221; column_border_style=&#8221;solid&#8221;][vc_column_text css=&#8221;.vc_custom_1515749179135{margin-bottom: 20px !important;}&#8221;]\n<h2>Recerca i doc\u00e8ncia:<\/h2>\n[\/vc_column_text][divider line_type=&#8221;Small Line&#8221; line_thickness=&#8221;3&#8243; divider_color=&#8221;extra-color-gradient-2&#8243; custom_height=&#8221;30&#8243; custom_line_width=&#8221;120&#8243;][\/vc_column][\/vc_row][vc_row type=&#8221;full_width_background&#8221; full_screen_row_position=&#8221;middle&#8221; bg_color=&#8221;#ffffff&#8221; scene_position=&#8221;center&#8221; text_color=&#8221;dark&#8221; text_align=&#8221;left&#8221; bottom_padding=&#8221;5%&#8221; overlay_strength=&#8221;1&#8243; shape_divider_position=&#8221;bottom&#8221; shape_type=&#8221;&#8221;][vc_column column_padding=&#8221;no-extra-padding&#8221; column_padding_position=&#8221;all&#8221; background_color_opacity=&#8221;1&#8243; background_hover_color_opacity=&#8221;1&#8243; column_shadow=&#8221;none&#8221; column_border_radius=&#8221;none&#8221; width=&#8221;1\/1&#8243; tablet_text_alignment=&#8221;default&#8221; phone_text_alignment=&#8221;default&#8221; column_border_width=&#8221;none&#8221; column_border_style=&#8221;solid&#8221;][vc_row_inner column_margin=&#8221;default&#8221; text_align=&#8221;left&#8221;][vc_column_inner enable_animation=&#8221;true&#8221; animation=&#8221;fade-in-from-bottom&#8221; column_padding=&#8221;padding-3-percent&#8221; column_padding_position=&#8221;top-bottom&#8221; background_color_opacity=&#8221;1&#8243; background_hover_color_opacity=&#8221;1&#8243; column_shadow=&#8221;none&#8221; column_border_radius=&#8221;none&#8221; width=&#8221;1\/1&#8243; column_border_width=&#8221;none&#8221; column_border_style=&#8221;solid&#8221; delay=&#8221;400&#8243;][vc_column_text]Com a centre de refer\u00e8ncia en l&#8217;assist\u00e8ncia sanit\u00e0ria de l&#8217;\u00e0rea Metropolitana Nord de Barcelona, en l&#8217;engranatge de l&#8217;hospital hi ha dues peces m\u00e9s que s\u00f3n fonamentals: la recerca, a trav\u00e9s de l\u2019IGTP, i la doc\u00e8ncia d&#8217;estudis sanitaris de pregrau i de postgrau.<\/p>\n<p>\u00c9s en aquest \u00e0mbit de la investigaci\u00f3 que els doctors Joan Francesc Juli\u00e1n i Jordi Navin\u00e9s van idear el dispositiu RUTILIGHT\u00ae.[\/vc_column_text][\/vc_column_inner][\/vc_row_inner][\/vc_column][\/vc_row][vc_row type=&#8221;full_width_background&#8221; full_screen_row_position=&#8221;middle&#8221; bg_color=&#8221;#ffffff&#8221; scene_position=&#8221;center&#8221; text_color=&#8221;dark&#8221; text_align=&#8221;left&#8221; top_padding=&#8221;4%&#8221; bottom_padding=&#8221;5%&#8221; overlay_strength=&#8221;0.3&#8243; shape_divider_position=&#8221;bottom&#8221; shape_type=&#8221;&#8221;][vc_column enable_animation=&#8221;true&#8221; animation=&#8221;fade-in-from-bottom&#8221; centered_text=&#8221;true&#8221; column_padding=&#8221;no-extra-padding&#8221; column_padding_position=&#8221;all&#8221; background_color_opacity=&#8221;1&#8243; background_hover_color_opacity=&#8221;1&#8243; column_shadow=&#8221;none&#8221; column_border_radius=&#8221;none&#8221; width=&#8221;1\/2&#8243; tablet_text_alignment=&#8221;default&#8221; phone_text_alignment=&#8221;default&#8221; column_border_width=&#8221;none&#8221; column_border_style=&#8221;solid&#8221;][image_with_animation image_url=&#8221;427&#8243; alignment=&#8221;center&#8221; animation=&#8221;Fade In&#8221; border_radius=&#8221;none&#8221; box_shadow=&#8221;none&#8221; max_width=&#8221;100%&#8221; img_link=&#8221;\/ca\/joan-francesc-julian\/&#8221;][vc_column_text css=&#8221;.vc_custom_1515538602879{margin-bottom: 20px !important;padding-top: 20px !important;}&#8221;]\n<h3>Dr. Joan Francesc Juli\u00e1n<\/h3>\n[\/vc_column_text][divider line_type=&#8221;Small Line&#8221; line_thickness=&#8221;3&#8243; divider_color=&#8221;extra-color-gradient-2&#8243; custom_height=&#8221;30&#8243; custom_line_width=&#8221;120&#8243;][\/vc_column][vc_column enable_animation=&#8221;true&#8221; animation=&#8221;fade-in-from-bottom&#8221; centered_text=&#8221;true&#8221; column_padding=&#8221;no-extra-padding&#8221; column_padding_position=&#8221;all&#8221; background_color_opacity=&#8221;1&#8243; background_hover_color_opacity=&#8221;1&#8243; column_shadow=&#8221;none&#8221; column_border_radius=&#8221;none&#8221; width=&#8221;1\/2&#8243; tablet_text_alignment=&#8221;default&#8221; phone_text_alignment=&#8221;default&#8221; column_border_width=&#8221;none&#8221; column_border_style=&#8221;solid&#8221; delay=&#8221;100&#8243;][image_with_animation image_url=&#8221;551&#8243; alignment=&#8221;center&#8221; animation=&#8221;Fade In&#8221; border_radius=&#8221;none&#8221; box_shadow=&#8221;none&#8221; max_width=&#8221;100%&#8221; img_link=&#8221;\/ca\/jordi-navines\/&#8221;][vc_column_text css=&#8221;.vc_custom_1515538733825{margin-bottom: 20px !important;padding-top: 20px !important;}&#8221;]\n<h3>Dr. Jordi Navin\u00e9s<\/h3>\n[\/vc_column_text][divider line_type=&#8221;Small Line&#8221; line_thickness=&#8221;3&#8243; divider_color=&#8221;extra-color-gradient-2&#8243; custom_height=&#8221;30&#8243; custom_line_width=&#8221;120&#8243;][\/vc_column][\/vc_row]\n","protected":false},"excerpt":{"rendered":"<p>[vc_row type=&#8221;full_width_background&#8221; full_screen_row_position=&#8221;middle&#8221; bg_image=&#8221;122&#8243; bg_position=&#8221;left top&#8221; bg_repeat=&#8221;no-repeat&#8221; bg_color=&#8221;#ff0059&#8243; scene_position=&#8221;center&#8221; text_color=&#8221;light&#8221; text_align=&#8221;left&#8221; top_padding=&#8221;6%&#8221; bottom_padding=&#8221;13%&#8221; id=&#8221;slider-doctor&#8221; enable_gradient=&#8221;true&#8221; color_overlay=&#8221;#398583&#8243; color_overlay_2=&#8221;#54aaa9&#8243; gradient_direction=&#8221;left_t_to_right_b&#8221; overlay_strength=&#8221;0.95&#8243; enable_shape_divider=&#8221;true&#8221; shape_divider_position=&#8221;bottom&#8221; shape_divider_height=&#8221;350&#8243; shape_type=&#8221;waves_opacity_alt&#8221;][vc_column column_padding=&#8221;no-extra-padding&#8221; column_padding_position=&#8221;all&#8221; background_color_opacity=&#8221;1&#8243; background_hover_color_opacity=&#8221;1&#8243; column_shadow=&#8221;none&#8221; column_border_radius=&#8221;none&#8221; width=&#8221;1\/2&#8243;&#8230;<\/p>\n","protected":false},"author":40,"featured_media":557,"parent":0,"menu_order":0,"comment_status":"closed","ping_status":"closed","template":"","meta":{"inline_featured_image":false,"_monsterinsights_skip_tracking":false,"_monsterinsights_sitenote_active":false,"_monsterinsights_sitenote_note":"","_monsterinsights_sitenote_category":0,"footnotes":""},"class_list":["post-1002","page","type-page","status-publish","has-post-thumbnail"],"yoast_head":"<!-- This site is optimized with the Yoast SEO plugin v27.0 - https:\/\/yoast.com\/product\/yoast-seo-wordpress\/ -->\n<title>Hospital Universitari Germans Trias i Pujol - Swan Medical<\/title>\n<meta name=\"robots\" content=\"index, follow, max-snippet:-1, max-image-preview:large, max-video-preview:-1\" \/>\n<link rel=\"canonical\" href=\"https:\/\/www.swanmedical.es\/ca\/hospital-universitari-germans-trias-i-pujol\/\" \/>\n<meta property=\"og:locale\" content=\"ca_ES\" \/>\n<meta property=\"og:type\" content=\"article\" \/>\n<meta property=\"og:title\" content=\"Hospital Universitari Germans Trias i Pujol - Swan Medical\" \/>\n<meta property=\"og:description\" content=\"[vc_row type=&#8221;full_width_background&#8221; full_screen_row_position=&#8221;middle&#8221; bg_image=&#8221;122&#8243; bg_position=&#8221;left top&#8221; bg_repeat=&#8221;no-repeat&#8221; bg_color=&#8221;#ff0059&#8243; scene_position=&#8221;center&#8221; text_color=&#8221;light&#8221; text_align=&#8221;left&#8221; top_padding=&#8221;6%&#8221; bottom_padding=&#8221;13%&#8221; id=&#8221;slider-doctor&#8221; enable_gradient=&#8221;true&#8221; color_overlay=&#8221;#398583&#8243; color_overlay_2=&#8221;#54aaa9&#8243; gradient_direction=&#8221;left_t_to_right_b&#8221; overlay_strength=&#8221;0.95&#8243; enable_shape_divider=&#8221;true&#8221; shape_divider_position=&#8221;bottom&#8221; shape_divider_height=&#8221;350&#8243; shape_type=&#8221;waves_opacity_alt&#8221;][vc_column column_padding=&#8221;no-extra-padding&#8221; column_padding_position=&#8221;all&#8221; background_color_opacity=&#8221;1&#8243; background_hover_color_opacity=&#8221;1&#8243; column_shadow=&#8221;none&#8221; column_border_radius=&#8221;none&#8221; width=&#8221;1\/2&#8243;...\" \/>\n<meta property=\"og:url\" content=\"https:\/\/www.swanmedical.es\/ca\/hospital-universitari-germans-trias-i-pujol\/\" \/>\n<meta property=\"og:site_name\" content=\"Swan Medical\" \/>\n<meta property=\"article:modified_time\" content=\"2018-03-19T14:37:25+00:00\" \/>\n<meta property=\"og:image\" content=\"https:\/\/www.swanmedical.es\/wp-content\/uploads\/2017\/12\/swan-medical-1.jpg\" \/>\n\t<meta property=\"og:image:width\" content=\"397\" \/>\n\t<meta property=\"og:image:height\" content=\"300\" \/>\n\t<meta property=\"og:image:type\" content=\"image\/jpeg\" \/>\n<meta name=\"twitter:card\" content=\"summary_large_image\" \/>\n<meta name=\"twitter:image\" content=\"https:\/\/www.swanmedical.es\/wp-content\/uploads\/2017\/12\/swan-medical-1.jpg\" \/>\n<meta name=\"twitter:label1\" content=\"Est. reading time\" \/>\n\t<meta name=\"twitter:data1\" content=\"9 minutes\" \/>\n<script type=\"application\/ld+json\" class=\"yoast-schema-graph\">{\"@context\":\"https:\/\/schema.org\",\"@graph\":[{\"@type\":\"WebPage\",\"@id\":\"https:\/\/www.swanmedical.es\/ca\/hospital-universitari-germans-trias-i-pujol\/\",\"url\":\"https:\/\/www.swanmedical.es\/ca\/hospital-universitari-germans-trias-i-pujol\/\",\"name\":\"Hospital Universitari Germans Trias i Pujol - Swan Medical\",\"isPartOf\":{\"@id\":\"https:\/\/www.swanmedical.es\/#website\"},\"primaryImageOfPage\":{\"@id\":\"https:\/\/www.swanmedical.es\/ca\/hospital-universitari-germans-trias-i-pujol\/#primaryimage\"},\"image\":{\"@id\":\"https:\/\/www.swanmedical.es\/ca\/hospital-universitari-germans-trias-i-pujol\/#primaryimage\"},\"thumbnailUrl\":\"https:\/\/www.swanmedical.es\/wp-content\/uploads\/2017\/12\/swan-medical-1.jpg\",\"datePublished\":\"2018-01-12T09:28:32+00:00\",\"dateModified\":\"2018-03-19T14:37:25+00:00\",\"breadcrumb\":{\"@id\":\"https:\/\/www.swanmedical.es\/ca\/hospital-universitari-germans-trias-i-pujol\/#breadcrumb\"},\"inLanguage\":\"ca\",\"potentialAction\":[{\"@type\":\"ReadAction\",\"target\":[\"https:\/\/www.swanmedical.es\/ca\/hospital-universitari-germans-trias-i-pujol\/\"]}]},{\"@type\":\"ImageObject\",\"inLanguage\":\"ca\",\"@id\":\"https:\/\/www.swanmedical.es\/ca\/hospital-universitari-germans-trias-i-pujol\/#primaryimage\",\"url\":\"https:\/\/www.swanmedical.es\/wp-content\/uploads\/2017\/12\/swan-medical-1.jpg\",\"contentUrl\":\"https:\/\/www.swanmedical.es\/wp-content\/uploads\/2017\/12\/swan-medical-1.jpg\",\"width\":397,\"height\":300,\"caption\":\"Swan Medical\"},{\"@type\":\"BreadcrumbList\",\"@id\":\"https:\/\/www.swanmedical.es\/ca\/hospital-universitari-germans-trias-i-pujol\/#breadcrumb\",\"itemListElement\":[{\"@type\":\"ListItem\",\"position\":1,\"name\":\"Home\",\"item\":\"https:\/\/www.swanmedical.es\/ca\/\"},{\"@type\":\"ListItem\",\"position\":2,\"name\":\"Hospital Universitari Germans Trias i Pujol\"}]},{\"@type\":\"WebSite\",\"@id\":\"https:\/\/www.swanmedical.es\/#website\",\"url\":\"https:\/\/www.swanmedical.es\/\",\"name\":\"Swan Medical\",\"description\":\"\",\"publisher\":{\"@id\":\"https:\/\/www.swanmedical.es\/#organization\"},\"potentialAction\":[{\"@type\":\"SearchAction\",\"target\":{\"@type\":\"EntryPoint\",\"urlTemplate\":\"https:\/\/www.swanmedical.es\/?s={search_term_string}\"},\"query-input\":{\"@type\":\"PropertyValueSpecification\",\"valueRequired\":true,\"valueName\":\"search_term_string\"}}],\"inLanguage\":\"ca\"},{\"@type\":\"Organization\",\"@id\":\"https:\/\/www.swanmedical.es\/#organization\",\"name\":\"Swan Medical\",\"url\":\"https:\/\/www.swanmedical.es\/\",\"logo\":{\"@type\":\"ImageObject\",\"inLanguage\":\"ca\",\"@id\":\"https:\/\/www.swanmedical.es\/#\/schema\/logo\/image\/\",\"url\":\"https:\/\/www.swanmedical.es\/wp-content\/uploads\/2017\/12\/swan-medical-1.jpg\",\"contentUrl\":\"https:\/\/www.swanmedical.es\/wp-content\/uploads\/2017\/12\/swan-medical-1.jpg\",\"width\":397,\"height\":300,\"caption\":\"Swan Medical\"},\"image\":{\"@id\":\"https:\/\/www.swanmedical.es\/#\/schema\/logo\/image\/\"}}]}<\/script>\n<!-- \/ Yoast SEO plugin. -->","yoast_head_json":{"title":"Hospital Universitari Germans Trias i Pujol - Swan Medical","robots":{"index":"index","follow":"follow","max-snippet":"max-snippet:-1","max-image-preview":"max-image-preview:large","max-video-preview":"max-video-preview:-1"},"canonical":"https:\/\/www.swanmedical.es\/ca\/hospital-universitari-germans-trias-i-pujol\/","og_locale":"ca_ES","og_type":"article","og_title":"Hospital Universitari Germans Trias i Pujol - Swan Medical","og_description":"[vc_row type=&#8221;full_width_background&#8221; full_screen_row_position=&#8221;middle&#8221; bg_image=&#8221;122&#8243; bg_position=&#8221;left top&#8221; bg_repeat=&#8221;no-repeat&#8221; bg_color=&#8221;#ff0059&#8243; scene_position=&#8221;center&#8221; text_color=&#8221;light&#8221; text_align=&#8221;left&#8221; top_padding=&#8221;6%&#8221; bottom_padding=&#8221;13%&#8221; id=&#8221;slider-doctor&#8221; enable_gradient=&#8221;true&#8221; color_overlay=&#8221;#398583&#8243; color_overlay_2=&#8221;#54aaa9&#8243; gradient_direction=&#8221;left_t_to_right_b&#8221; overlay_strength=&#8221;0.95&#8243; enable_shape_divider=&#8221;true&#8221; shape_divider_position=&#8221;bottom&#8221; shape_divider_height=&#8221;350&#8243; shape_type=&#8221;waves_opacity_alt&#8221;][vc_column column_padding=&#8221;no-extra-padding&#8221; column_padding_position=&#8221;all&#8221; background_color_opacity=&#8221;1&#8243; background_hover_color_opacity=&#8221;1&#8243; column_shadow=&#8221;none&#8221; column_border_radius=&#8221;none&#8221; width=&#8221;1\/2&#8243;...","og_url":"https:\/\/www.swanmedical.es\/ca\/hospital-universitari-germans-trias-i-pujol\/","og_site_name":"Swan Medical","article_modified_time":"2018-03-19T14:37:25+00:00","og_image":[{"width":397,"height":300,"url":"https:\/\/www.swanmedical.es\/wp-content\/uploads\/2017\/12\/swan-medical-1.jpg","type":"image\/jpeg"}],"twitter_card":"summary_large_image","twitter_image":"https:\/\/www.swanmedical.es\/wp-content\/uploads\/2017\/12\/swan-medical-1.jpg","twitter_misc":{"Est. reading time":"9 minutes"},"schema":{"@context":"https:\/\/schema.org","@graph":[{"@type":"WebPage","@id":"https:\/\/www.swanmedical.es\/ca\/hospital-universitari-germans-trias-i-pujol\/","url":"https:\/\/www.swanmedical.es\/ca\/hospital-universitari-germans-trias-i-pujol\/","name":"Hospital Universitari Germans Trias i Pujol - Swan Medical","isPartOf":{"@id":"https:\/\/www.swanmedical.es\/#website"},"primaryImageOfPage":{"@id":"https:\/\/www.swanmedical.es\/ca\/hospital-universitari-germans-trias-i-pujol\/#primaryimage"},"image":{"@id":"https:\/\/www.swanmedical.es\/ca\/hospital-universitari-germans-trias-i-pujol\/#primaryimage"},"thumbnailUrl":"https:\/\/www.swanmedical.es\/wp-content\/uploads\/2017\/12\/swan-medical-1.jpg","datePublished":"2018-01-12T09:28:32+00:00","dateModified":"2018-03-19T14:37:25+00:00","breadcrumb":{"@id":"https:\/\/www.swanmedical.es\/ca\/hospital-universitari-germans-trias-i-pujol\/#breadcrumb"},"inLanguage":"ca","potentialAction":[{"@type":"ReadAction","target":["https:\/\/www.swanmedical.es\/ca\/hospital-universitari-germans-trias-i-pujol\/"]}]},{"@type":"ImageObject","inLanguage":"ca","@id":"https:\/\/www.swanmedical.es\/ca\/hospital-universitari-germans-trias-i-pujol\/#primaryimage","url":"https:\/\/www.swanmedical.es\/wp-content\/uploads\/2017\/12\/swan-medical-1.jpg","contentUrl":"https:\/\/www.swanmedical.es\/wp-content\/uploads\/2017\/12\/swan-medical-1.jpg","width":397,"height":300,"caption":"Swan Medical"},{"@type":"BreadcrumbList","@id":"https:\/\/www.swanmedical.es\/ca\/hospital-universitari-germans-trias-i-pujol\/#breadcrumb","itemListElement":[{"@type":"ListItem","position":1,"name":"Home","item":"https:\/\/www.swanmedical.es\/ca\/"},{"@type":"ListItem","position":2,"name":"Hospital Universitari Germans Trias i Pujol"}]},{"@type":"WebSite","@id":"https:\/\/www.swanmedical.es\/#website","url":"https:\/\/www.swanmedical.es\/","name":"Swan Medical","description":"","publisher":{"@id":"https:\/\/www.swanmedical.es\/#organization"},"potentialAction":[{"@type":"SearchAction","target":{"@type":"EntryPoint","urlTemplate":"https:\/\/www.swanmedical.es\/?s={search_term_string}"},"query-input":{"@type":"PropertyValueSpecification","valueRequired":true,"valueName":"search_term_string"}}],"inLanguage":"ca"},{"@type":"Organization","@id":"https:\/\/www.swanmedical.es\/#organization","name":"Swan Medical","url":"https:\/\/www.swanmedical.es\/","logo":{"@type":"ImageObject","inLanguage":"ca","@id":"https:\/\/www.swanmedical.es\/#\/schema\/logo\/image\/","url":"https:\/\/www.swanmedical.es\/wp-content\/uploads\/2017\/12\/swan-medical-1.jpg","contentUrl":"https:\/\/www.swanmedical.es\/wp-content\/uploads\/2017\/12\/swan-medical-1.jpg","width":397,"height":300,"caption":"Swan Medical"},"image":{"@id":"https:\/\/www.swanmedical.es\/#\/schema\/logo\/image\/"}}]}},"_links":{"self":[{"href":"https:\/\/www.swanmedical.es\/ca\/wp-json\/wp\/v2\/pages\/1002","targetHints":{"allow":["GET"]}}],"collection":[{"href":"https:\/\/www.swanmedical.es\/ca\/wp-json\/wp\/v2\/pages"}],"about":[{"href":"https:\/\/www.swanmedical.es\/ca\/wp-json\/wp\/v2\/types\/page"}],"author":[{"embeddable":true,"href":"https:\/\/www.swanmedical.es\/ca\/wp-json\/wp\/v2\/users\/40"}],"replies":[{"embeddable":true,"href":"https:\/\/www.swanmedical.es\/ca\/wp-json\/wp\/v2\/comments?post=1002"}],"version-history":[{"count":13,"href":"https:\/\/www.swanmedical.es\/ca\/wp-json\/wp\/v2\/pages\/1002\/revisions"}],"predecessor-version":[{"id":1243,"href":"https:\/\/www.swanmedical.es\/ca\/wp-json\/wp\/v2\/pages\/1002\/revisions\/1243"}],"wp:featuredmedia":[{"embeddable":true,"href":"https:\/\/www.swanmedical.es\/ca\/wp-json\/wp\/v2\/media\/557"}],"wp:attachment":[{"href":"https:\/\/www.swanmedical.es\/ca\/wp-json\/wp\/v2\/media?parent=1002"}],"curies":[{"name":"wp","href":"https:\/\/api.w.org\/{rel}","templated":true}]}}