{"id":1521,"date":"2017-12-15T09:30:45","date_gmt":"2017-12-15T08:30:45","guid":{"rendered":"https:\/\/www.swanmedical.es\/joan-francesc-julian\/"},"modified":"2018-04-06T13:30:28","modified_gmt":"2018-04-06T11:30:28","slug":"joan-francesc-julian","status":"publish","type":"page","link":"https:\/\/www.swanmedical.es\/de\/joan-francesc-julian\/","title":{"rendered":"Joan Francesc Juli\u00e1n"},"content":{"rendered":"[vc_row type=&#8221;full_width_background&#8221; full_screen_row_position=&#8221;middle&#8221; bg_image=&#8221;122&#8243; bg_position=&#8221;left top&#8221; bg_repeat=&#8221;no-repeat&#8221; bg_color=&#8221;#ff0059&#8243; scene_position=&#8221;center&#8221; text_color=&#8221;light&#8221; text_align=&#8221;left&#8221; top_padding=&#8221;6%&#8221; bottom_padding=&#8221;15%&#8221; id=&#8221;slider-doctor&#8221; enable_gradient=&#8221;true&#8221; color_overlay=&#8221;#398583&#8243; color_overlay_2=&#8221;#54aaa9&#8243; gradient_direction=&#8221;left_t_to_right_b&#8221; overlay_strength=&#8221;0.95&#8243; enable_shape_divider=&#8221;true&#8221; shape_divider_position=&#8221;bottom&#8221; shape_divider_height=&#8221;350&#8243; shape_type=&#8221;waves_opacity_alt&#8221;][vc_column column_padding=&#8221;no-extra-padding&#8221; column_padding_position=&#8221;all&#8221; background_color_opacity=&#8221;1&#8243; background_hover_color_opacity=&#8221;1&#8243; column_shadow=&#8221;none&#8221; column_border_radius=&#8221;none&#8221; width=&#8221;1\/2&#8243; tablet_text_alignment=&#8221;default&#8221; phone_text_alignment=&#8221;default&#8221; column_border_width=&#8221;none&#8221; column_border_style=&#8221;solid&#8221;][split_line_heading]\n<h1 style=\"font-size: 46px;\">Dr. Joan Francesc Juli\u00e1n<\/h1>\n[\/split_line_heading][\/vc_column][vc_column column_padding=&#8221;no-extra-padding&#8221; column_padding_position=&#8221;all&#8221; background_color_opacity=&#8221;1&#8243; background_hover_color_opacity=&#8221;1&#8243; column_shadow=&#8221;none&#8221; column_border_radius=&#8221;none&#8221; el_class=&#8221;right&#8221; width=&#8221;1\/2&#8243; tablet_text_alignment=&#8221;default&#8221; phone_text_alignment=&#8221;default&#8221; column_border_width=&#8221;none&#8221; column_border_style=&#8221;solid&#8221;][image_with_animation image_url=&#8221;427&#8243; alignment=&#8221;&#8221; animation=&#8221;Fade In From Right&#8221; border_radius=&#8221;none&#8221; box_shadow=&#8221;none&#8221; max_width=&#8221;100%&#8221;][\/vc_column][\/vc_row][vc_row type=&#8221;full_width_background&#8221; full_screen_row_position=&#8221;middle&#8221; bg_color=&#8221;#ffffff&#8221; scene_position=&#8221;center&#8221; text_color=&#8221;dark&#8221; text_align=&#8221;left&#8221; top_padding=&#8221;2%&#8221; bottom_padding=&#8221;6%&#8221; overlay_strength=&#8221;1&#8243; shape_divider_position=&#8221;bottom&#8221; shape_type=&#8221;&#8221;][vc_column column_padding=&#8221;no-extra-padding&#8221; column_padding_position=&#8221;all&#8221; background_color_opacity=&#8221;1&#8243; background_hover_color_opacity=&#8221;1&#8243; column_shadow=&#8221;none&#8221; column_border_radius=&#8221;none&#8221; width=&#8221;1\/1&#8243; tablet_text_alignment=&#8221;default&#8221; phone_text_alignment=&#8221;default&#8221; column_border_width=&#8221;none&#8221; column_border_style=&#8221;solid&#8221;][vc_row_inner column_margin=&#8221;default&#8221; text_align=&#8221;left&#8221;][vc_column_inner enable_animation=&#8221;true&#8221; animation=&#8221;fade-in-from-bottom&#8221; column_padding=&#8221;padding-3-percent&#8221; column_padding_position=&#8221;top-bottom&#8221; background_color_opacity=&#8221;1&#8243; background_hover_color_opacity=&#8221;1&#8243; column_shadow=&#8221;none&#8221; column_border_radius=&#8221;none&#8221; width=&#8221;1\/2&#8243; column_border_width=&#8221;none&#8221; column_border_style=&#8221;solid&#8221; delay=&#8221;400&#8243;][vc_column_text css=&#8221;.vc_custom_1523014229679{padding-right: 10% !important;}&#8221;]Dr. Joan Francesc Juli\u00e1n beendete 1983 das Studium der Medizin und Chirurgie. Er spezialisierte sich auf das Fachgebiet Brusterkrankungen und wurde 1993 zum Doktor der Medizin (cum laude).<\/p>\n<p>Derzeit ist er Chefarzt der Chirurgie, chirurgischer Koordinator der Station f\u00fcr Brusterkrankungen und beratendes Mitglied der Ethikkommission der klinischen Forschung (CEIC) der Universit\u00e4tsklinik Germans Trias i Pujol (Badalona).<\/p>\n<p>Er ist ebenfalls Mitglied des internen Wissenschaftsausschusses (CCI) des Forschungsinstituts f\u00fcr Gesundheitswissenschaften Germans Trias i Pujol (IGTP) und Sekret\u00e4r der chirurgischen Abteilung sowie au\u00dferordentlicher Professor der Universitat Aut\u00f2noma de Barcelona (UAB).<\/p>\n<p>Von der Beh\u00f6rde f\u00fcr Lebensmittelproduktion und -industrie (Ministerium f\u00fcr Landwirtschaft, Viehzucht und Fischerei der katalanischen Landesregierung Generalitat) wurde er als Forschungspersonal zugelassen, das Tierversuche durchf\u00fchren kann, und ist beratendes Mitglied der Ethikkommission bei Tierversuchen (CEEAE) des IGTP.[\/vc_column_text][\/vc_column_inner][vc_column_inner enable_animation=&#8221;true&#8221; animation=&#8221;fade-in-from-bottom&#8221; column_padding=&#8221;padding-3-percent&#8221; column_padding_position=&#8221;top-bottom&#8221; background_color_opacity=&#8221;1&#8243; background_hover_color_opacity=&#8221;1&#8243; column_shadow=&#8221;none&#8221; column_border_radius=&#8221;none&#8221; width=&#8221;1\/2&#8243; column_border_width=&#8221;none&#8221; column_border_style=&#8221;solid&#8221; delay=&#8221;800&#8243;][vc_column_text css=&#8221;.vc_custom_1523014218672{padding-right: 10% !important;}&#8221;]Dr. Juli\u00e1n ist seit 2009 Betreuer der Assistenz\u00e4rzte in der Allgemein- und Verdauungschirurgie und seit 11 Jahren Mitglied der Pr\u00fcfungskommission des DEA (Voraussetzung f\u00fcr das Schreiben der Doktorarbeit) des Doktorstudiengangs Chirurgie und chirurgische Fachgebiete.<\/p>\n<p>Seit November 2015 geh\u00f6rt er zum universit\u00e4ren Lehrk\u00f6rper von ANECA und AQU.<\/p>\n<p>In seiner Laufbahn als Wissenschaftler erhielt er ein Stipendium in der Abteilung f\u00fcr Transplantation der medizinischen Fakult\u00e4t der Universit\u00e4t Miami (EUA) und nahm an mehr als einem Dutzend Forschungsprojekten teil.<\/p>\n<p>Seine Arbeit floss in zahlreiche Publikationen in international renommierten Fachzeitschriften ein und wurde von verschiedenen Wissenschaftsinstitutionen und -gesellschaften ausgezeichnet.[\/vc_column_text][\/vc_column_inner][\/vc_row_inner][\/vc_column][\/vc_row]\n","protected":false},"excerpt":{"rendered":"<p>[vc_row type=&#8221;full_width_background&#8221; full_screen_row_position=&#8221;middle&#8221; bg_image=&#8221;122&#8243; bg_position=&#8221;left top&#8221; bg_repeat=&#8221;no-repeat&#8221; bg_color=&#8221;#ff0059&#8243; scene_position=&#8221;center&#8221; text_color=&#8221;light&#8221; text_align=&#8221;left&#8221; top_padding=&#8221;6%&#8221; bottom_padding=&#8221;15%&#8221; id=&#8221;slider-doctor&#8221; enable_gradient=&#8221;true&#8221; color_overlay=&#8221;#398583&#8243; color_overlay_2=&#8221;#54aaa9&#8243; gradient_direction=&#8221;left_t_to_right_b&#8221; overlay_strength=&#8221;0.95&#8243; enable_shape_divider=&#8221;true&#8221; shape_divider_position=&#8221;bottom&#8221; shape_divider_height=&#8221;350&#8243; shape_type=&#8221;waves_opacity_alt&#8221;][vc_column column_padding=&#8221;no-extra-padding&#8221; column_padding_position=&#8221;all&#8221; background_color_opacity=&#8221;1&#8243; background_hover_color_opacity=&#8221;1&#8243; column_shadow=&#8221;none&#8221; column_border_radius=&#8221;none&#8221; width=&#8221;1\/2&#8243;&#8230;<\/p>\n","protected":false},"author":7,"featured_media":0,"parent":0,"menu_order":0,"comment_status":"closed","ping_status":"closed","template":"","meta":{"inline_featured_image":false,"_monsterinsights_skip_tracking":false,"_monsterinsights_sitenote_active":false,"_monsterinsights_sitenote_note":"","_monsterinsights_sitenote_category":0,"footnotes":""},"class_list":["post-1521","page","type-page","status-publish"],"yoast_head":"<!-- This site is optimized with the Yoast SEO plugin v27.0 - https:\/\/yoast.com\/product\/yoast-seo-wordpress\/ -->\n<title>Dr. Joan Francesc Juli\u00e1n - Swan Medical<\/title>\n<meta name=\"description\" content=\"El Dr. Joan Francesc Juli\u00e1n se licenci\u00f3 en Medicina i Cirug\u00eda en 1983. Es especialista en Patolog\u00eda Mamaria y Doctor en Medicina desde 1993 con menci\u00f3n Cum Laude.\" \/>\n<meta name=\"robots\" content=\"index, follow, max-snippet:-1, max-image-preview:large, max-video-preview:-1\" \/>\n<link rel=\"canonical\" href=\"https:\/\/www.swanmedical.es\/de\/joan-francesc-julian\/\" \/>\n<meta property=\"og:locale\" content=\"de_DE\" \/>\n<meta property=\"og:type\" content=\"article\" \/>\n<meta property=\"og:title\" content=\"Dr. Joan Francesc Juli\u00e1n - Swan Medical\" \/>\n<meta property=\"og:description\" content=\"El Dr. Joan Francesc Juli\u00e1n se licenci\u00f3 en Medicina i Cirug\u00eda en 1983. Es especialista en Patolog\u00eda Mamaria y Doctor en Medicina desde 1993 con menci\u00f3n Cum Laude.\" \/>\n<meta property=\"og:url\" content=\"https:\/\/www.swanmedical.es\/de\/joan-francesc-julian\/\" \/>\n<meta property=\"og:site_name\" content=\"Swan Medical\" \/>\n<meta property=\"article:modified_time\" content=\"2018-04-06T11:30:28+00:00\" \/>\n<meta name=\"twitter:card\" content=\"summary_large_image\" \/>\n<meta name=\"twitter:label1\" content=\"Est. reading time\" \/>\n\t<meta name=\"twitter:data1\" content=\"3 minutes\" \/>\n<script type=\"application\/ld+json\" class=\"yoast-schema-graph\">{\"@context\":\"https:\/\/schema.org\",\"@graph\":[{\"@type\":\"WebPage\",\"@id\":\"https:\/\/www.swanmedical.es\/de\/joan-francesc-julian\/\",\"url\":\"https:\/\/www.swanmedical.es\/de\/joan-francesc-julian\/\",\"name\":\"Dr. Joan Francesc Juli\u00e1n - Swan Medical\",\"isPartOf\":{\"@id\":\"https:\/\/www.swanmedical.es\/#website\"},\"datePublished\":\"2017-12-15T08:30:45+00:00\",\"dateModified\":\"2018-04-06T11:30:28+00:00\",\"description\":\"El Dr. Joan Francesc Juli\u00e1n se licenci\u00f3 en Medicina i Cirug\u00eda en 1983. Es especialista en Patolog\u00eda Mamaria y Doctor en Medicina desde 1993 con menci\u00f3n Cum Laude.\",\"breadcrumb\":{\"@id\":\"https:\/\/www.swanmedical.es\/de\/joan-francesc-julian\/#breadcrumb\"},\"inLanguage\":\"de-DE\",\"potentialAction\":[{\"@type\":\"ReadAction\",\"target\":[\"https:\/\/www.swanmedical.es\/de\/joan-francesc-julian\/\"]}]},{\"@type\":\"BreadcrumbList\",\"@id\":\"https:\/\/www.swanmedical.es\/de\/joan-francesc-julian\/#breadcrumb\",\"itemListElement\":[{\"@type\":\"ListItem\",\"position\":1,\"name\":\"Home\",\"item\":\"https:\/\/www.swanmedical.es\/de\/\"},{\"@type\":\"ListItem\",\"position\":2,\"name\":\"Joan Francesc Juli\u00e1n\"}]},{\"@type\":\"WebSite\",\"@id\":\"https:\/\/www.swanmedical.es\/#website\",\"url\":\"https:\/\/www.swanmedical.es\/\",\"name\":\"Swan Medical\",\"description\":\"\",\"publisher\":{\"@id\":\"https:\/\/www.swanmedical.es\/#organization\"},\"potentialAction\":[{\"@type\":\"SearchAction\",\"target\":{\"@type\":\"EntryPoint\",\"urlTemplate\":\"https:\/\/www.swanmedical.es\/?s={search_term_string}\"},\"query-input\":{\"@type\":\"PropertyValueSpecification\",\"valueRequired\":true,\"valueName\":\"search_term_string\"}}],\"inLanguage\":\"de-DE\"},{\"@type\":\"Organization\",\"@id\":\"https:\/\/www.swanmedical.es\/#organization\",\"name\":\"Swan Medical\",\"url\":\"https:\/\/www.swanmedical.es\/\",\"logo\":{\"@type\":\"ImageObject\",\"inLanguage\":\"de-DE\",\"@id\":\"https:\/\/www.swanmedical.es\/#\/schema\/logo\/image\/\",\"url\":\"https:\/\/www.swanmedical.es\/wp-content\/uploads\/2017\/12\/swan-medical-1.jpg\",\"contentUrl\":\"https:\/\/www.swanmedical.es\/wp-content\/uploads\/2017\/12\/swan-medical-1.jpg\",\"width\":397,\"height\":300,\"caption\":\"Swan Medical\"},\"image\":{\"@id\":\"https:\/\/www.swanmedical.es\/#\/schema\/logo\/image\/\"}}]}<\/script>\n<!-- \/ Yoast SEO plugin. -->","yoast_head_json":{"title":"Dr. Joan Francesc Juli\u00e1n - Swan Medical","description":"El Dr. Joan Francesc Juli\u00e1n se licenci\u00f3 en Medicina i Cirug\u00eda en 1983. Es especialista en Patolog\u00eda Mamaria y Doctor en Medicina desde 1993 con menci\u00f3n Cum Laude.","robots":{"index":"index","follow":"follow","max-snippet":"max-snippet:-1","max-image-preview":"max-image-preview:large","max-video-preview":"max-video-preview:-1"},"canonical":"https:\/\/www.swanmedical.es\/de\/joan-francesc-julian\/","og_locale":"de_DE","og_type":"article","og_title":"Dr. Joan Francesc Juli\u00e1n - Swan Medical","og_description":"El Dr. Joan Francesc Juli\u00e1n se licenci\u00f3 en Medicina i Cirug\u00eda en 1983. Es especialista en Patolog\u00eda Mamaria y Doctor en Medicina desde 1993 con menci\u00f3n Cum Laude.","og_url":"https:\/\/www.swanmedical.es\/de\/joan-francesc-julian\/","og_site_name":"Swan Medical","article_modified_time":"2018-04-06T11:30:28+00:00","twitter_card":"summary_large_image","twitter_misc":{"Est. reading time":"3 minutes"},"schema":{"@context":"https:\/\/schema.org","@graph":[{"@type":"WebPage","@id":"https:\/\/www.swanmedical.es\/de\/joan-francesc-julian\/","url":"https:\/\/www.swanmedical.es\/de\/joan-francesc-julian\/","name":"Dr. Joan Francesc Juli\u00e1n - Swan Medical","isPartOf":{"@id":"https:\/\/www.swanmedical.es\/#website"},"datePublished":"2017-12-15T08:30:45+00:00","dateModified":"2018-04-06T11:30:28+00:00","description":"El Dr. Joan Francesc Juli\u00e1n se licenci\u00f3 en Medicina i Cirug\u00eda en 1983. Es especialista en Patolog\u00eda Mamaria y Doctor en Medicina desde 1993 con menci\u00f3n Cum Laude.","breadcrumb":{"@id":"https:\/\/www.swanmedical.es\/de\/joan-francesc-julian\/#breadcrumb"},"inLanguage":"de-DE","potentialAction":[{"@type":"ReadAction","target":["https:\/\/www.swanmedical.es\/de\/joan-francesc-julian\/"]}]},{"@type":"BreadcrumbList","@id":"https:\/\/www.swanmedical.es\/de\/joan-francesc-julian\/#breadcrumb","itemListElement":[{"@type":"ListItem","position":1,"name":"Home","item":"https:\/\/www.swanmedical.es\/de\/"},{"@type":"ListItem","position":2,"name":"Joan Francesc Juli\u00e1n"}]},{"@type":"WebSite","@id":"https:\/\/www.swanmedical.es\/#website","url":"https:\/\/www.swanmedical.es\/","name":"Swan Medical","description":"","publisher":{"@id":"https:\/\/www.swanmedical.es\/#organization"},"potentialAction":[{"@type":"SearchAction","target":{"@type":"EntryPoint","urlTemplate":"https:\/\/www.swanmedical.es\/?s={search_term_string}"},"query-input":{"@type":"PropertyValueSpecification","valueRequired":true,"valueName":"search_term_string"}}],"inLanguage":"de-DE"},{"@type":"Organization","@id":"https:\/\/www.swanmedical.es\/#organization","name":"Swan Medical","url":"https:\/\/www.swanmedical.es\/","logo":{"@type":"ImageObject","inLanguage":"de-DE","@id":"https:\/\/www.swanmedical.es\/#\/schema\/logo\/image\/","url":"https:\/\/www.swanmedical.es\/wp-content\/uploads\/2017\/12\/swan-medical-1.jpg","contentUrl":"https:\/\/www.swanmedical.es\/wp-content\/uploads\/2017\/12\/swan-medical-1.jpg","width":397,"height":300,"caption":"Swan Medical"},"image":{"@id":"https:\/\/www.swanmedical.es\/#\/schema\/logo\/image\/"}}]}},"_links":{"self":[{"href":"https:\/\/www.swanmedical.es\/de\/wp-json\/wp\/v2\/pages\/1521","targetHints":{"allow":["GET"]}}],"collection":[{"href":"https:\/\/www.swanmedical.es\/de\/wp-json\/wp\/v2\/pages"}],"about":[{"href":"https:\/\/www.swanmedical.es\/de\/wp-json\/wp\/v2\/types\/page"}],"author":[{"embeddable":true,"href":"https:\/\/www.swanmedical.es\/de\/wp-json\/wp\/v2\/users\/7"}],"replies":[{"embeddable":true,"href":"https:\/\/www.swanmedical.es\/de\/wp-json\/wp\/v2\/comments?post=1521"}],"version-history":[{"count":3,"href":"https:\/\/www.swanmedical.es\/de\/wp-json\/wp\/v2\/pages\/1521\/revisions"}],"predecessor-version":[{"id":1524,"href":"https:\/\/www.swanmedical.es\/de\/wp-json\/wp\/v2\/pages\/1521\/revisions\/1524"}],"wp:attachment":[{"href":"https:\/\/www.swanmedical.es\/de\/wp-json\/wp\/v2\/media?parent=1521"}],"curies":[{"name":"wp","href":"https:\/\/api.w.org\/{rel}","templated":true}]}}